{"id":88,"date":"2023-08-06T20:42:23","date_gmt":"2023-08-06T18:42:23","guid":{"rendered":"http:\/\/unes-chamonix.com\/?page_id=88"},"modified":"2024-02-12T19:11:38","modified_gmt":"2024-02-12T18:11:38","slug":"programme-22","status":"publish","type":"page","link":"https:\/\/unes-chamonix.com\/index.php\/programme-22\/","title":{"rendered":"Programme 2023"},"content":{"rendered":"\n<div data-wp-interactive=\"core\/file\" class=\"wp-block-file\"><object data-wp-bind--hidden=\"!state.hasPdfPreview\" hidden class=\"wp-block-file__embed\" data=\"https:\/\/unes-chamonix.com\/wp-content\/uploads\/2024\/02\/UNES-2023-PROGRAMME-1-1.pdf\" type=\"application\/pdf\" style=\"width:100%;height:600px\" aria-label=\"Embed of UNES-2023-PROGRAMME-1-1.\"><\/object><a id=\"wp-block-file--media-03146193-1be4-4cfa-89aa-270cda2da43b\" href=\"https:\/\/unes-chamonix.com\/wp-content\/uploads\/2024\/02\/UNES-2023-PROGRAMME-1-1.pdf\">UNES-2023-PROGRAMME-1-1<\/a><a href=\"https:\/\/unes-chamonix.com\/wp-content\/uploads\/2024\/02\/UNES-2023-PROGRAMME-1-1.pdf\" class=\"wp-block-file__button wp-element-button\" download aria-describedby=\"wp-block-file--media-03146193-1be4-4cfa-89aa-270cda2da43b\">Download<\/a><\/div>\n\n\n\n<p>5 jours de festival pour parler de f\u00e9minisme au sommet !<\/p>\n\n\n\n<p>Rassemblons-nous \u00e0 Chamonix du 7 au 12 mars.<\/p>\n\n\n\n<p><\/p>\n\n\n\n<h4 class=\"wp-block-heading has-text-align-left has-nv-light-bg-color has-text-color has-background\" style=\"background-color:#a46df0;font-size:22px;font-style:normal;font-weight:500\">7 mars &#8211; Soir\u00e9e d&#8217;ouverture<\/h4>\n\n\n\n<p><span style=\"text-decoration: underline;\">Lieu &#8211; Roland<\/span><\/p>\n\n\n\n<div class=\"wp-block-columns is-layout-flex wp-container-core-columns-is-layout-9d6595d7 wp-block-columns-is-layout-flex\">\n<div class=\"wp-block-column is-layout-flow wp-block-column-is-layout-flow\" style=\"flex-basis:33.33%\">\n<p class=\"has-text-align-left\">18h &#8211; 20h<\/p>\n<\/div>\n\n\n\n<div class=\"wp-block-column is-layout-flow wp-block-column-is-layout-flow\" style=\"flex-basis:66.66%\">\n<p>Quizz sur le f\u00e9minisme<\/p>\n<\/div>\n<\/div>\n\n\n\n<div class=\"wp-block-columns is-layout-flex wp-container-core-columns-is-layout-9d6595d7 wp-block-columns-is-layout-flex\">\n<div class=\"wp-block-column is-layout-flow wp-block-column-is-layout-flow\" style=\"flex-basis:33.33%\">\n<p class=\"has-text-align-left\">21h<\/p>\n<\/div>\n\n\n\n<div class=\"wp-block-column is-layout-flow wp-block-column-is-layout-flow\" style=\"flex-basis:66.66%\">\n<p>DJ set avec Gouine du Disco<br>DJ\/s\u00e9lecta full vinyle, disco, high nrj, italo, acid, house<\/p>\n<\/div>\n<\/div>\n\n\n\n<p><\/p>\n\n\n\n<h4 class=\"wp-block-heading has-text-align-left has-nv-light-bg-color has-text-color has-background\" style=\"background-color:#a46df0;font-size:22px;font-style:normal;font-weight:500\">8 mars &#8211; On ne na\u00eet pas m\u00e8re<\/h4>\n\n\n\n<p><span style=\"text-decoration: underline;\">Lieu &#8211; Gare des glaciers<\/span><\/p>\n\n\n\n<div class=\"wp-block-columns is-layout-flex wp-container-core-columns-is-layout-9d6595d7 wp-block-columns-is-layout-flex\">\n<div class=\"wp-block-column is-layout-flow wp-block-column-is-layout-flow\" style=\"flex-basis:33.33%\">\n<p class=\"has-text-align-left\">16h<\/p>\n<\/div>\n\n\n\n<div class=\"wp-block-column is-layout-flow wp-block-column-is-layout-flow\" style=\"flex-basis:66.66%\">\n<p>Exposition d\u2019\u00e9tudiant.e.s des beaux arts d\u2019Annecy<br>Pr\u00e9sentation du projet \u201cR\u00eaves les Grands Montets\u201d<\/p>\n<\/div>\n<\/div>\n\n\n\n<div class=\"wp-block-columns is-layout-flex wp-container-core-columns-is-layout-9d6595d7 wp-block-columns-is-layout-flex\">\n<div class=\"wp-block-column is-layout-flow wp-block-column-is-layout-flow\" style=\"flex-basis:33.33%\">\n<p class=\"has-text-align-left\">18h<\/p>\n<\/div>\n\n\n\n<div class=\"wp-block-column is-layout-flow wp-block-column-is-layout-flow\" style=\"flex-basis:66.66%\">\n<p>Discussion ouverte sur le rapport \u00e0 la maternit\u00e9<\/p>\n<\/div>\n<\/div>\n\n\n\n<div class=\"wp-block-columns is-layout-flex wp-container-core-columns-is-layout-9d6595d7 wp-block-columns-is-layout-flex\">\n<div class=\"wp-block-column is-layout-flow wp-block-column-is-layout-flow\" style=\"flex-basis:33.33%\">\n<p class=\"has-text-align-left\">20h<\/p>\n<\/div>\n\n\n\n<div class=\"wp-block-column is-layout-flow wp-block-column-is-layout-flow\" style=\"flex-basis:66.66%\">\n<p>Parlons d&#8217;IVG autrement<br><\/p>\n<\/div>\n<\/div>\n\n\n\n<p><span style=\"text-decoration: underline;\">Lieu &#8211; Hydromel<\/span><\/p>\n\n\n\n<div class=\"wp-block-columns is-layout-flex wp-container-core-columns-is-layout-9d6595d7 wp-block-columns-is-layout-flex\">\n<div class=\"wp-block-column is-layout-flow wp-block-column-is-layout-flow\" style=\"flex-basis:33.33%\">\n<p class=\"has-text-align-left\">22h<\/p>\n<\/div>\n\n\n\n<div class=\"wp-block-column is-layout-flow wp-block-column-is-layout-flow\" style=\"flex-basis:66.66%\">\n<p>Globule radio presents<\/p>\n\n\n\n<p>Loulou Ferrari et DJ Kenzie vous pr\u00e9sentent leur collaboration \u00ab the Chemical Mothers\u00bb: <br><br>Amoureuses des synth\u00e9tiseurs et de House, elles vous feront danser toute la nuit, en commen\u00e7ant par les classiques Chemical Brothers jusqu\u2019\u00e0 leurs genres favoris. Get ready to dance!<\/p>\n<\/div>\n<\/div>\n\n\n\n<p><\/p>\n\n\n\n<h4 class=\"wp-block-heading has-text-align-left has-nv-light-bg-color has-text-color has-background\" style=\"background-color:#a46df0;font-size:22px;font-style:normal;font-weight:500\">9 mars &#8211; DO IT YOURSELF<\/h4>\n\n\n\n<p class=\"has-nv-light-bg-color has-text-color has-background\" style=\"background-color:#a46df0\">Viens farter, r\u00e9gler tes freins et faire une vidange \u00e0 nos ateliers DIY!<\/p>\n\n\n\n<div class=\"wp-block-columns is-layout-flex wp-container-core-columns-is-layout-9d6595d7 wp-block-columns-is-layout-flex\">\n<div class=\"wp-block-column is-layout-flow wp-block-column-is-layout-flow\" style=\"flex-basis:33.33%\">\n<p class=\"has-text-align-left\">10h<br><\/p>\n<\/div>\n\n\n\n<div class=\"wp-block-column is-layout-flow wp-block-column-is-layout-flow\" style=\"flex-basis:66.66%\">\n<p>Atelier d\u2019entretien de ski\/snow<\/p>\n<\/div>\n<\/div>\n\n\n\n<div class=\"wp-block-columns is-layout-flex wp-container-core-columns-is-layout-9d6595d7 wp-block-columns-is-layout-flex\">\n<div class=\"wp-block-column is-layout-flow wp-block-column-is-layout-flow\" style=\"flex-basis:33.33%\">\n<p class=\"has-text-align-left\">14h<\/p>\n<\/div>\n\n\n\n<div class=\"wp-block-column is-layout-flow wp-block-column-is-layout-flow\" style=\"flex-basis:66.66%\">\n<p>Ateliers d\u2019entretien de Velo et Voiture<\/p>\n<\/div>\n<\/div>\n\n\n\n<div class=\"wp-block-columns is-layout-flex wp-container-core-columns-is-layout-9d6595d7 wp-block-columns-is-layout-flex\">\n<div class=\"wp-block-column is-layout-flow wp-block-column-is-layout-flow\" style=\"flex-basis:33.33%\">\n<p class=\"has-text-align-left\"><span style=\"text-decoration: underline;\">Lieu &#8211; Roland<\/span><br><br>21h<\/p>\n<\/div>\n\n\n\n<div class=\"wp-block-column is-layout-flow wp-block-column-is-layout-flow\" style=\"flex-basis:66.66%\">\n<p><br><br>Concert &#8211; Sainte Nicole<\/p>\n\n\n\n<p>Dans son 1re EP \u2018Vanit\u00e9\u2019 qui sort ce mois de f\u00e9vrier, il est continuellement question d\u2019une qu\u00eate. Qu\u00eate de soi, de sa place, de sa sexualit\u00e9. <br>Avec des r\u00e9f\u00e9rences larges allant de Billie Eilish \u00e0 Polo&amp;Pan en passant par Myl\u00e8ne Farmer, la musique de Sainte Nicole est une pop aux basses profondes, beats \u00e9lectros et synth\u00e9s vintage.<\/p>\n<\/div>\n<\/div>\n\n\n\n<p><\/p>\n\n\n\n<h4 class=\"wp-block-heading has-text-align-left has-nv-light-bg-color has-text-color has-background\" style=\"background-color:#a46df0;font-size:22px;font-style:normal;font-weight:500\">10 mars &#8211; un corp a soi <\/h4>\n\n\n\n<p class=\"has-nv-light-bg-color has-text-color has-background\" style=\"background-color:#a46df0\">En collaboration avec l\u2019association \u201cP\u00e9rin\u00e9e bien aim\u00e9\u201d<\/p>\n\n\n\n<p><span style=\"text-decoration: underline;\">Lieu &#8211; EMC2<\/span><\/p>\n\n\n\n<div class=\"wp-block-columns is-layout-flex wp-container-core-columns-is-layout-9d6595d7 wp-block-columns-is-layout-flex\">\n<div class=\"wp-block-column is-layout-flow wp-block-column-is-layout-flow\" style=\"flex-basis:33.33%\">\n<p class=\"has-text-align-left\">17h &#8211; 19h<\/p>\n<\/div>\n\n\n\n<div class=\"wp-block-column is-layout-flow wp-block-column-is-layout-flow\" style=\"flex-basis:66.66%\">\n<p>Conf\u00e9rence sur les violences gyn\u00e9cologiques et obst\u00e9tricales avec l\u2019association VIVO<br>Pr\u00e9sentation du projet \u201cR\u00eaves les Grands Montets\u201d<\/p>\n<\/div>\n<\/div>\n\n\n\n<div class=\"wp-block-columns is-layout-flex wp-container-core-columns-is-layout-9d6595d7 wp-block-columns-is-layout-flex\">\n<div class=\"wp-block-column is-layout-flow wp-block-column-is-layout-flow\" style=\"flex-basis:33.33%\">\n<p class=\"has-text-align-left\">20-22h<\/p>\n<\/div>\n\n\n\n<div class=\"wp-block-column is-layout-flow wp-block-column-is-layout-flow\" style=\"flex-basis:66.66%\">\n<p>&#8211; Spectacle &#8220;All\u00f4 la vulve ?&#8221;<\/p>\n\n\n\n<p>La conf\u00e9rence gesticul\u00e9e qui en a entre les jambes<br>A partir de leur manuel antidouleur \u00e9crit \u00e0 quatre mains, la sage-femme Camille et la journaliste Elise Thi\u00e9baut, vous proposent un voyage \u00e9tonnant et ludique au c\u0153ur de nos intimit\u00e9s. <br><br>En deuxi\u00e8me partie, posez toutes vos questions de mani\u00e8re anonyme (ou non) et adieux les tabous !<\/p>\n<\/div>\n<\/div>\n\n\n\n<p>(On fait aussi une intervention dans la journ\u00e9e aupr\u00e8s des scolaires au Coll\u00e8ge-Lyc\u00e9e Roger Frison-Roche avec l\u2019association des \u00e9tudiantes sage femme de Grenoble \ud83d\ude09 )<\/p>\n\n\n\n<h4 class=\"wp-block-heading has-text-align-left has-nv-light-bg-color has-text-color has-background\" style=\"background-color:#a46df0;font-size:22px;font-style:normal;font-weight:500\">11 mars &#8211; \u00c9cof\u00e9minisme &#8211; La nature a-t-elle un genre ?<\/h4>\n\n\n\n<p><span style=\"text-decoration: underline;\">Lieu \u00e0 d\u00e9finir selon m\u00e9t\u00e9o<\/span><\/p>\n\n\n\n<div class=\"wp-block-columns is-layout-flex wp-container-core-columns-is-layout-9d6595d7 wp-block-columns-is-layout-flex\">\n<div class=\"wp-block-column is-layout-flow wp-block-column-is-layout-flow\" style=\"flex-basis:33.33%\">\n<p class=\"has-text-align-left\">9h30 &#8211; 13h<br><br><\/p>\n<\/div>\n\n\n\n<div class=\"wp-block-column is-layout-flow wp-block-column-is-layout-flow\" style=\"flex-basis:66.66%\">\n<p>Balade en for\u00eat avec Christelle Bakhache (ASTERS) et Claire Rivas (AMM)<\/p>\n<\/div>\n<\/div>\n\n\n\n<p><\/p>\n\n\n\n<p><span style=\"text-decoration: underline;\">Lieu &#8211; Terrasse du Shack<\/span><\/p>\n\n\n\n<div class=\"wp-block-columns is-layout-flex wp-container-core-columns-is-layout-9d6595d7 wp-block-columns-is-layout-flex\">\n<div class=\"wp-block-column is-layout-flow wp-block-column-is-layout-flow\" style=\"flex-basis:33.33%\">\n<p class=\"has-text-align-left\">12h &#8211; 18h<\/p>\n<\/div>\n\n\n\n<div class=\"wp-block-column is-layout-flow wp-block-column-is-layout-flow\" style=\"flex-basis:66.66%\">\n<p>March\u00e9 f\u00e9ministe avec cuisine v\u00e9gan<\/p>\n<\/div>\n<\/div>\n\n\n\n<div class=\"wp-block-columns is-layout-flex wp-container-core-columns-is-layout-9d6595d7 wp-block-columns-is-layout-flex\">\n<div class=\"wp-block-column is-layout-flow wp-block-column-is-layout-flow\" style=\"flex-basis:33.33%\">\n<p class=\"has-text-align-left\">15h &#8211; 17h30<br><\/p>\n<\/div>\n\n\n\n<div class=\"wp-block-column is-layout-flow wp-block-column-is-layout-flow\" style=\"flex-basis:66.66%\">\n<p>Table ronde sur l\u2019\u00e9co f\u00e9minisme avec Jeanne Burgart Goutal, C\u00e9cile Georget (ASTERS) et Nathalie Hagenmuller (Guide de Haute Montagne)<\/p>\n<\/div>\n<\/div>\n\n\n\n<p><\/p>\n\n\n\n<h4 class=\"wp-block-heading has-text-align-left has-nv-light-bg-color has-text-color has-background\" style=\"background-color:#a46df0;font-size:22px;font-style:normal;font-weight:500\">11 mars &#8211; Soir\u00e9e de cloture<\/h4>\n\n\n\n<p><span style=\"text-decoration: underline;\">Lieu &#8211; Roland<\/span><\/p>\n\n\n\n<div class=\"wp-block-columns is-layout-flex wp-container-core-columns-is-layout-9d6595d7 wp-block-columns-is-layout-flex\">\n<div class=\"wp-block-column is-layout-flow wp-block-column-is-layout-flow\" style=\"flex-basis:33.33%\">\n<p class=\"has-text-align-left\">19h &#8211; 02h<br><\/p>\n<\/div>\n\n\n\n<div class=\"wp-block-column is-layout-flow wp-block-column-is-layout-flow\" style=\"flex-basis:66.66%\">\n<p>Zouz Tombola<\/p>\n<\/div>\n<\/div>\n\n\n\n<div class=\"wp-block-columns is-layout-flex wp-container-core-columns-is-layout-9d6595d7 wp-block-columns-is-layout-flex\">\n<div class=\"wp-block-column is-layout-flow wp-block-column-is-layout-flow\" style=\"flex-basis:33.33%\">\n<p class=\"has-text-align-left\">19h<br><\/p>\n<\/div>\n\n\n\n<div class=\"wp-block-column is-layout-flow wp-block-column-is-layout-flow\" style=\"flex-basis:66.66%\">\n<p>Concert &#8211; OXYTOCINE<\/p>\n\n\n\n<p>Projet \u201cd\u2019art total\u201d entre rap, pop, po\u00e9sie, vid\u00e9o et th\u00e9orie port\u00e9 par l&#8217;artiste multim\u00e9dium Julia Maura<br><br>DJ set &#8211; SALEM<br>Trancefilante \/ Drum&#8217;n&#8217;Boobs &amp; Muscles Saillants<\/p>\n<\/div>\n<\/div>\n\n\n\n<p><\/p>\n\n\n\n<h4 class=\"wp-block-heading has-text-align-left has-nv-light-bg-color has-text-color has-background\" style=\"background-color:#a46df0;font-size:22px;font-style:normal;font-weight:500\">12 mars &#8211; Film de cl\u00f4ture en collaboration avec Les Amis du Cin\u00e9ma<\/h4>\n\n\n\n<p><span style=\"text-decoration: underline;\">Lieu &#8211; Cin\u00e9ma Vox<\/span><\/p>\n\n\n\n<div class=\"wp-block-columns is-layout-flex wp-container-core-columns-is-layout-9d6595d7 wp-block-columns-is-layout-flex\">\n<div class=\"wp-block-column is-layout-flow wp-block-column-is-layout-flow\" style=\"flex-basis:33.33%\">\n<p class=\"has-text-align-left\">18h &#8211; 20h15<br><br><\/p>\n<\/div>\n\n\n\n<div class=\"wp-block-column is-layout-flow wp-block-column-is-layout-flow\" style=\"flex-basis:66.66%\">\n<p>\u201cCascadeuses\u201d<\/p>\n\n\n\n<p>avec la r\u00e9alisatrice Elena Avdija<\/p>\n\n\n\n<p>(R\u00e9servation sur le site internet du cin\u00e9ma Vox)<\/p>\n<\/div>\n<\/div>\n\n\n\n<p><\/p>\n\n\n\n<p class=\"has-text-align-center has-nv-light-bg-color has-text-color has-background has-medium-font-size\" style=\"background-color:#a46df0\">D\u2019autres \u00e9v\u00e8nements auront lieu pendant la semaine comme des cours de yoga, des cours de monoski (monozouz) et plus encore !<br>Rendez-vous ce weekend sur notre insta et facebook pour plus d\u2019informations et pour l\u2019ouverture des inscriptions<br>(Nos \u00e9v\u00e8nements sont gratuits \ud83d\udc9c)<br><\/p>\n","protected":false},"excerpt":{"rendered":"<p>5 jours de festival pour parler de f\u00e9minisme au sommet ! Rassemblons-nous \u00e0 Chamonix du 7 au 12 mars. 7 mars &#8211; Soir\u00e9e d&#8217;ouverture Lieu &#8211; Roland 18h &#8211; 20h Quizz sur le f\u00e9minisme 21h DJ set avec Gouine du DiscoDJ\/s\u00e9lecta full vinyle, disco, high nrj, italo, acid, house 8 mars &#8211; On ne na\u00eet&hellip;&nbsp;<a href=\"https:\/\/unes-chamonix.com\/index.php\/programme-22\/\" class=\"\" rel=\"bookmark\">Read More &raquo;<span class=\"screen-reader-text\">Programme 2023<\/span><\/a><\/p>\n","protected":false},"author":1,"featured_media":0,"parent":0,"menu_order":0,"comment_status":"closed","ping_status":"closed","template":"","meta":{"_acf_changed":false,"neve_meta_sidebar":"","neve_meta_container":"","neve_meta_enable_content_width":"","neve_meta_content_width":0,"neve_meta_title_alignment":"","neve_meta_author_avatar":"","neve_post_elements_order":"","neve_meta_disable_header":"","neve_meta_disable_footer":"","neve_meta_disable_title":"","footnotes":""},"class_list":["post-88","page","type-page","status-publish","hentry"],"acf":[],"yoast_head":"<!-- This site is optimized with the Yoast SEO plugin v22.0 - https:\/\/yoast.com\/wordpress\/plugins\/seo\/ -->\n<title>Programme 2023 - Unes Festival<\/title>\n<meta name=\"robots\" content=\"index, follow, max-snippet:-1, max-image-preview:large, max-video-preview:-1\" \/>\n<link rel=\"canonical\" href=\"https:\/\/unes-chamonix.com\/index.php\/programme-22\/\" \/>\n<meta property=\"og:locale\" content=\"en_US\" \/>\n<meta property=\"og:type\" content=\"article\" \/>\n<meta property=\"og:title\" content=\"Programme 2023 - Unes Festival\" \/>\n<meta property=\"og:description\" content=\"5 jours de festival pour parler de f\u00e9minisme au sommet ! Rassemblons-nous \u00e0 Chamonix du 7 au 12 mars. 7 mars &#8211; Soir\u00e9e d&#8217;ouverture Lieu &#8211; Roland 18h &#8211; 20h Quizz sur le f\u00e9minisme 21h DJ set avec Gouine du DiscoDJ\/s\u00e9lecta full vinyle, disco, high nrj, italo, acid, house 8 mars &#8211; On ne na\u00eet&hellip;&nbsp;Read More &raquo;Programme 2023\" \/>\n<meta property=\"og:url\" content=\"https:\/\/unes-chamonix.com\/index.php\/programme-22\/\" \/>\n<meta property=\"og:site_name\" content=\"Unes Festival\" \/>\n<meta property=\"article:publisher\" content=\"https:\/\/www.facebook.com\/Unesfestival\" \/>\n<meta property=\"article:modified_time\" content=\"2024-02-12T18:11:38+00:00\" \/>\n<meta name=\"twitter:card\" content=\"summary_large_image\" \/>\n<meta name=\"twitter:label1\" content=\"Est. reading time\" \/>\n\t<meta name=\"twitter:data1\" content=\"3 minutes\" \/>\n<script type=\"application\/ld+json\" class=\"yoast-schema-graph\">{\"@context\":\"https:\/\/schema.org\",\"@graph\":[{\"@type\":\"WebPage\",\"@id\":\"https:\/\/unes-chamonix.com\/index.php\/programme-22\/\",\"url\":\"https:\/\/unes-chamonix.com\/index.php\/programme-22\/\",\"name\":\"Programme 2023 - Unes Festival\",\"isPartOf\":{\"@id\":\"https:\/\/unes-chamonix.com\/#website\"},\"datePublished\":\"2023-08-06T18:42:23+00:00\",\"dateModified\":\"2024-02-12T18:11:38+00:00\",\"breadcrumb\":{\"@id\":\"https:\/\/unes-chamonix.com\/index.php\/programme-22\/#breadcrumb\"},\"inLanguage\":\"en-US\",\"potentialAction\":[{\"@type\":\"ReadAction\",\"target\":[\"https:\/\/unes-chamonix.com\/index.php\/programme-22\/\"]}]},{\"@type\":\"BreadcrumbList\",\"@id\":\"https:\/\/unes-chamonix.com\/index.php\/programme-22\/#breadcrumb\",\"itemListElement\":[{\"@type\":\"ListItem\",\"position\":1,\"name\":\"Home\",\"item\":\"https:\/\/unes-chamonix.com\/\"},{\"@type\":\"ListItem\",\"position\":2,\"name\":\"Programme 2023\"}]},{\"@type\":\"WebSite\",\"@id\":\"https:\/\/unes-chamonix.com\/#website\",\"url\":\"https:\/\/unes-chamonix.com\/\",\"name\":\"unes-chamonix.com\",\"description\":\"Iniatives feministes du zouz collective\",\"publisher\":{\"@id\":\"https:\/\/unes-chamonix.com\/#organization\"},\"potentialAction\":[{\"@type\":\"SearchAction\",\"target\":{\"@type\":\"EntryPoint\",\"urlTemplate\":\"https:\/\/unes-chamonix.com\/?s={search_term_string}\"},\"query-input\":\"required name=search_term_string\"}],\"inLanguage\":\"en-US\"},{\"@type\":\"Organization\",\"@id\":\"https:\/\/unes-chamonix.com\/#organization\",\"name\":\"zouz-collective\",\"url\":\"https:\/\/unes-chamonix.com\/\",\"logo\":{\"@type\":\"ImageObject\",\"inLanguage\":\"en-US\",\"@id\":\"https:\/\/unes-chamonix.com\/#\/schema\/logo\/image\/\",\"url\":\"https:\/\/unes-chamonix.com\/wp-content\/uploads\/2023\/08\/UNES_LOGO1-pdf.jpg\",\"contentUrl\":\"https:\/\/unes-chamonix.com\/wp-content\/uploads\/2023\/08\/UNES_LOGO1-pdf.jpg\",\"width\":889,\"height\":889,\"caption\":\"zouz-collective\"},\"image\":{\"@id\":\"https:\/\/unes-chamonix.com\/#\/schema\/logo\/image\/\"},\"sameAs\":[\"https:\/\/www.facebook.com\/Unesfestival\",\"https:\/\/www.instagram.com\/unes_zouzcollective\/\"]}]}<\/script>\n<!-- \/ Yoast SEO plugin. -->","yoast_head_json":{"title":"Programme 2023 - Unes Festival","robots":{"index":"index","follow":"follow","max-snippet":"max-snippet:-1","max-image-preview":"max-image-preview:large","max-video-preview":"max-video-preview:-1"},"canonical":"https:\/\/unes-chamonix.com\/index.php\/programme-22\/","og_locale":"en_US","og_type":"article","og_title":"Programme 2023 - Unes Festival","og_description":"5 jours de festival pour parler de f\u00e9minisme au sommet ! Rassemblons-nous \u00e0 Chamonix du 7 au 12 mars. 7 mars &#8211; Soir\u00e9e d&#8217;ouverture Lieu &#8211; Roland 18h &#8211; 20h Quizz sur le f\u00e9minisme 21h DJ set avec Gouine du DiscoDJ\/s\u00e9lecta full vinyle, disco, high nrj, italo, acid, house 8 mars &#8211; On ne na\u00eet&hellip;&nbsp;Read More &raquo;Programme 2023","og_url":"https:\/\/unes-chamonix.com\/index.php\/programme-22\/","og_site_name":"Unes Festival","article_publisher":"https:\/\/www.facebook.com\/Unesfestival","article_modified_time":"2024-02-12T18:11:38+00:00","twitter_card":"summary_large_image","twitter_misc":{"Est. reading time":"3 minutes"},"schema":{"@context":"https:\/\/schema.org","@graph":[{"@type":"WebPage","@id":"https:\/\/unes-chamonix.com\/index.php\/programme-22\/","url":"https:\/\/unes-chamonix.com\/index.php\/programme-22\/","name":"Programme 2023 - Unes Festival","isPartOf":{"@id":"https:\/\/unes-chamonix.com\/#website"},"datePublished":"2023-08-06T18:42:23+00:00","dateModified":"2024-02-12T18:11:38+00:00","breadcrumb":{"@id":"https:\/\/unes-chamonix.com\/index.php\/programme-22\/#breadcrumb"},"inLanguage":"en-US","potentialAction":[{"@type":"ReadAction","target":["https:\/\/unes-chamonix.com\/index.php\/programme-22\/"]}]},{"@type":"BreadcrumbList","@id":"https:\/\/unes-chamonix.com\/index.php\/programme-22\/#breadcrumb","itemListElement":[{"@type":"ListItem","position":1,"name":"Home","item":"https:\/\/unes-chamonix.com\/"},{"@type":"ListItem","position":2,"name":"Programme 2023"}]},{"@type":"WebSite","@id":"https:\/\/unes-chamonix.com\/#website","url":"https:\/\/unes-chamonix.com\/","name":"unes-chamonix.com","description":"Iniatives feministes du zouz collective","publisher":{"@id":"https:\/\/unes-chamonix.com\/#organization"},"potentialAction":[{"@type":"SearchAction","target":{"@type":"EntryPoint","urlTemplate":"https:\/\/unes-chamonix.com\/?s={search_term_string}"},"query-input":"required name=search_term_string"}],"inLanguage":"en-US"},{"@type":"Organization","@id":"https:\/\/unes-chamonix.com\/#organization","name":"zouz-collective","url":"https:\/\/unes-chamonix.com\/","logo":{"@type":"ImageObject","inLanguage":"en-US","@id":"https:\/\/unes-chamonix.com\/#\/schema\/logo\/image\/","url":"https:\/\/unes-chamonix.com\/wp-content\/uploads\/2023\/08\/UNES_LOGO1-pdf.jpg","contentUrl":"https:\/\/unes-chamonix.com\/wp-content\/uploads\/2023\/08\/UNES_LOGO1-pdf.jpg","width":889,"height":889,"caption":"zouz-collective"},"image":{"@id":"https:\/\/unes-chamonix.com\/#\/schema\/logo\/image\/"},"sameAs":["https:\/\/www.facebook.com\/Unesfestival","https:\/\/www.instagram.com\/unes_zouzcollective\/"]}]}},"_links":{"self":[{"href":"https:\/\/unes-chamonix.com\/index.php\/wp-json\/wp\/v2\/pages\/88","targetHints":{"allow":["GET"]}}],"collection":[{"href":"https:\/\/unes-chamonix.com\/index.php\/wp-json\/wp\/v2\/pages"}],"about":[{"href":"https:\/\/unes-chamonix.com\/index.php\/wp-json\/wp\/v2\/types\/page"}],"author":[{"embeddable":true,"href":"https:\/\/unes-chamonix.com\/index.php\/wp-json\/wp\/v2\/users\/1"}],"replies":[{"embeddable":true,"href":"https:\/\/unes-chamonix.com\/index.php\/wp-json\/wp\/v2\/comments?post=88"}],"version-history":[{"count":22,"href":"https:\/\/unes-chamonix.com\/index.php\/wp-json\/wp\/v2\/pages\/88\/revisions"}],"predecessor-version":[{"id":1639,"href":"https:\/\/unes-chamonix.com\/index.php\/wp-json\/wp\/v2\/pages\/88\/revisions\/1639"}],"wp:attachment":[{"href":"https:\/\/unes-chamonix.com\/index.php\/wp-json\/wp\/v2\/media?parent=88"}],"curies":[{"name":"wp","href":"https:\/\/api.w.org\/{rel}","templated":true}]}}